{"id":6,"date":"2020-10-28T11:07:28","date_gmt":"2020-10-28T10:07:28","guid":{"rendered":"https:\/\/www.opco.fr\/info\/?page_id=6"},"modified":"2021-05-26T11:46:20","modified_gmt":"2021-05-26T09:46:20","slug":"accueil","status":"publish","type":"page","link":"https:\/\/www.opco.fr\/info\/","title":{"rendered":"Accueil"},"content":{"rendered":"[vc_row][vc_column]<div class=\"shortcode-wrapper shortcode-title clearfix\"><h2 class=\"modern \">Actualit\u00e9s<span class=\"bottom-line\"><\/span><\/h2><\/div>[vc_empty_space][vc_basic_grid post_type=\u00a0\u00bbpost\u00a0\u00bb max_items=\u00a0\u00bb10&Prime; element_width=\u00a0\u00bb12&Prime; item=\u00a0\u00bb362&Prime; grid_id=\u00a0\u00bbvc_gid:1622022364702-17a0918a-3b2c-8&Prime;][\/vc_column][\/vc_row][vc_row][vc_column]<div class=\"shortcode-wrapper shortcode-title clearfix\"><h2 class=\"modern \">Trouver son OPCO en 2 \u00e9tapes<span class=\"bottom-line\"><\/span><\/h2><\/div>[vc_empty_space][vc_column_text el_class=\u00a0\u00bbWP-texte\u00a0\u00bb]\n<h3><strong>OPCO\u00a0: Les Op\u00e9rateurs de Comp\u00e9tences<\/strong><\/h3>\n<p>Les OPCA \u00e9taient les \u00ab\u00a0Organismes Paritaire Collecteur Agr\u00e9e\u00a0\u00bb, ils avaient pour mission de collecter les charges de formations professionnelles des entreprises et \u00e9taient aussi, de fait, des partenaires dans l\u2019accompagnement des salari\u00e9s. Il en existait 21.<\/p>\n<p>Depuis le 1<sup>er<\/sup> avril 2019, 11 op\u00e9rateurs de comp\u00e9tences sont nouvellement agr\u00e9\u00e9s par l\u2019\u00e9tat pour remplacer les OPCA, avec une diff\u00e9rence majeure\u00a0: ce ne sont plus eux qui collectent les charges de formation professionnelle.<\/p>\n<h3><strong>Trouver son OPCO<\/strong><\/h3>\n<p>Il \u00e9tait d\u00e9j\u00e0 difficile de d\u00e9couvrir son ancien OPCA. La raison en est simple\u00a0: Les OPCA, tout comme les OPCO, sont affect\u00e9s \u00e0 diff\u00e9rents secteurs d\u2019activit\u00e9 professionnelle, soit historiquement, soit par coh\u00e9rence. Cette coh\u00e9rence des champs d\u2019intervention d\u00e9pend des branches professionnelles et des conventions nationales\u00a0; plus exactement de l\u2019IDCC, c\u2019est-\u00e0-dire l\u2019Identifiant De la Convention Collective. \u00a0Il faut donc d\u2019abord conna\u00eetre l\u2019IDCC de son entreprise avant pouvoir chercher et identifier son OPCO.<\/p>\n<h3><strong>Rep\u00e9rer son IDCC <\/strong><\/h3>\n<p>L\u2019IDCC est un choix de l\u2019entreprise, c\u2019est elle qui choisi sa convention qui va d\u00e9terminer les prises en charge des formations. Il est obligatoirement indiqu\u00e9 sur les fiches de salaire, soit sous la forme d\u2019un num\u00e9ro, soit en pleines lettres. Il est un choix que l\u2019entreprise a fait selon son activit\u00e9 principale (Code APE\/NAF\/NACE) et sa branche professionnelle.<\/p>\n<h3><strong>Choisir son OPCO<\/strong><\/h3>\n<p>On ne d\u00e9cide pas de son OPCO, on d\u00e9cide de son IDCC. C\u2019est la Convention collective qui d\u00e9termine quel est l\u2019OPCO. Le plus simple est de partir du num\u00e9ro de SIRET de l\u2019entreprise. Cela am\u00e8ne au code APE de l\u2019activit\u00e9 principale, ce qui permet de d\u00e9terminer l\u2019IDCC \u00a0et donc l\u2019OPCA et l\u2019OPCO.[\/vc_column_text][\/vc_column][vc_column][\/vc_column][\/vc_row]\n","protected":false},"excerpt":{"rendered":"<p>[vc_row][vc_column][vc_empty_space][vc_basic_grid post_type=\u00a0\u00bbpost\u00a0\u00bb max_items=\u00a0\u00bb10&Prime; element_width=\u00a0\u00bb12&Prime; item=\u00a0\u00bb362&Prime; grid_id=\u00a0\u00bbvc_gid:1622022364702-17a0918a-3b2c-8&Prime;][\/vc_column][\/vc_row][vc_row][vc_column][vc_empty_space][vc_column_text el_class=\u00a0\u00bbWP-texte\u00a0\u00bb] OPCO\u00a0: Les Op\u00e9rateurs de Comp\u00e9tences Les OPCA \u00e9taient les \u00ab\u00a0Organismes Paritaire Collecteur Agr\u00e9e\u00a0\u00bb, ils avaient pour mission de collecter les charges de formations professionnelles des entreprises et \u00e9taient aussi, de fait, des partenaires dans l\u2019accompagnement des salari\u00e9s. Il en existait 21. Depuis le 1er avril 2019, 11 op\u00e9rateurs [&hellip;]<\/p>\n","protected":false},"author":1,"featured_media":0,"parent":0,"menu_order":0,"comment_status":"closed","ping_status":"closed","template":"","meta":[],"yoast_head":"<!-- This site is optimized with the Yoast SEO plugin v16.1.1 - https:\/\/yoast.com\/wordpress\/plugins\/seo\/ -->\n<title>Accueil - OPCO.fr<\/title>\n<link rel=\"canonical\" href=\"https:\/\/www.opco.fr\/info\/\" \/>\n<meta property=\"og:locale\" content=\"fr_FR\" \/>\n<meta property=\"og:type\" content=\"article\" \/>\n<meta property=\"og:title\" content=\"Accueil - OPCO.fr\" \/>\n<meta property=\"og:description\" content=\"[vc_row][vc_column][vc_empty_space][vc_basic_grid post_type=\u00a0\u00bbpost\u00a0\u00bb max_items=\u00a0\u00bb10&Prime; element_width=\u00a0\u00bb12&Prime; item=\u00a0\u00bb362&Prime; grid_id=\u00a0\u00bbvc_gid:1622022364702-17a0918a-3b2c-8&Prime;][\/vc_column][\/vc_row][vc_row][vc_column][vc_empty_space][vc_column_text el_class=\u00a0\u00bbWP-texte\u00a0\u00bb] OPCO\u00a0: Les Op\u00e9rateurs de Comp\u00e9tences Les OPCA \u00e9taient les \u00ab\u00a0Organismes Paritaire Collecteur Agr\u00e9e\u00a0\u00bb, ils avaient pour mission de collecter les charges de formations professionnelles des entreprises et \u00e9taient aussi, de fait, des partenaires dans l\u2019accompagnement des salari\u00e9s. Il en existait 21. Depuis le 1er avril 2019, 11 op\u00e9rateurs [&hellip;]\" \/>\n<meta property=\"og:url\" content=\"https:\/\/www.opco.fr\/info\/\" \/>\n<meta property=\"og:site_name\" content=\"OPCO.fr\" \/>\n<meta property=\"article:modified_time\" content=\"2021-05-26T09:46:20+00:00\" \/>\n<meta name=\"twitter:card\" content=\"summary_large_image\" \/>\n<meta name=\"twitter:label1\" content=\"Dur\u00e9e de lecture est.\">\n\t<meta name=\"twitter:data1\" content=\"2 minutes\">\n<script type=\"application\/ld+json\" class=\"yoast-schema-graph\">{\"@context\":\"https:\/\/schema.org\",\"@graph\":[{\"@type\":\"WebSite\",\"@id\":\"https:\/\/www.opco.fr\/info\/#website\",\"url\":\"https:\/\/www.opco.fr\/info\/\",\"name\":\"OPCO.fr\",\"description\":\"Optimisateur de comp\\u00e9tences\",\"potentialAction\":[{\"@type\":\"SearchAction\",\"target\":\"https:\/\/www.opco.fr\/info\/?s={search_term_string}\",\"query-input\":\"required name=search_term_string\"}],\"inLanguage\":\"fr-FR\"},{\"@type\":\"WebPage\",\"@id\":\"https:\/\/www.opco.fr\/info\/#webpage\",\"url\":\"https:\/\/www.opco.fr\/info\/\",\"name\":\"Accueil - OPCO.fr\",\"isPartOf\":{\"@id\":\"https:\/\/www.opco.fr\/info\/#website\"},\"datePublished\":\"2020-10-28T10:07:28+00:00\",\"dateModified\":\"2021-05-26T09:46:20+00:00\",\"breadcrumb\":{\"@id\":\"https:\/\/www.opco.fr\/info\/#breadcrumb\"},\"inLanguage\":\"fr-FR\",\"potentialAction\":[{\"@type\":\"ReadAction\",\"target\":[\"https:\/\/www.opco.fr\/info\/\"]}]},{\"@type\":\"BreadcrumbList\",\"@id\":\"https:\/\/www.opco.fr\/info\/#breadcrumb\",\"itemListElement\":[{\"@type\":\"ListItem\",\"position\":1,\"item\":{\"@type\":\"WebPage\",\"@id\":\"https:\/\/www.opco.fr\/info\/\",\"url\":\"https:\/\/www.opco.fr\/info\/\",\"name\":\"Accueil\"}},{\"@type\":\"ListItem\",\"position\":2,\"item\":{\"@type\":\"WebPage\",\"@id\":\"https:\/\/www.opco.fr\/info\/\",\"url\":\"https:\/\/www.opco.fr\/info\/\",\"name\":\"Accueil\"}}]}]}<\/script>\n<!-- \/ Yoast SEO plugin. -->","_links":{"self":[{"href":"https:\/\/www.opco.fr\/info\/wp-json\/wp\/v2\/pages\/6"}],"collection":[{"href":"https:\/\/www.opco.fr\/info\/wp-json\/wp\/v2\/pages"}],"about":[{"href":"https:\/\/www.opco.fr\/info\/wp-json\/wp\/v2\/types\/page"}],"author":[{"embeddable":true,"href":"https:\/\/www.opco.fr\/info\/wp-json\/wp\/v2\/users\/1"}],"replies":[{"embeddable":true,"href":"https:\/\/www.opco.fr\/info\/wp-json\/wp\/v2\/comments?post=6"}],"version-history":[{"count":17,"href":"https:\/\/www.opco.fr\/info\/wp-json\/wp\/v2\/pages\/6\/revisions"}],"predecessor-version":[{"id":370,"href":"https:\/\/www.opco.fr\/info\/wp-json\/wp\/v2\/pages\/6\/revisions\/370"}],"wp:attachment":[{"href":"https:\/\/www.opco.fr\/info\/wp-json\/wp\/v2\/media?parent=6"}],"curies":[{"name":"wp","href":"https:\/\/api.w.org\/{rel}","templated":true}]}}